{"id":188,"date":"2019-03-08T15:15:39","date_gmt":"2019-03-08T15:15:39","guid":{"rendered":"http:\/\/sizofrenija.lv\/sabiedribai\/?page_id=188"},"modified":"2021-03-31T08:35:45","modified_gmt":"2021-03-31T07:35:45","slug":"privatuma-politika","status":"publish","type":"page","link":"https:\/\/sizofrenija.lv\/sabiedribai\/privatuma-politika\/","title":{"rendered":"Priv\u0101tuma politika"},"content":{"rendered":"\n<div class=\"wp-block-rea-inpage-nav-rea-inpage-nav-block rea-inpage-nav-block front\"><div class=\"rea-inpage-nav-block__image\" style=\"background-image: url(https:\/\/sizofrenija.lv\/wp-content\/uploads\/2019\/03\/wooden.png)\"><img decoding=\"async\" class=\"inpage-nav-background\" alt=\"\" src=\"https:\/\/sizofrenija.lv\/wp-content\/uploads\/2019\/03\/wooden.png\"\/><\/div><div class=\"rea-inpage-nav-block__content\"><div class=\"rea-inpage-nav-block__content--wrapper\"><div class=\"text-wrapper\"><h2 class=\"inpage-nav-title\">Priv\u0101tuma politika<\/h2><ul class=\"inpage-nav-list\"><\/ul><\/div><div class=\"section-nav\"><h4 class=\"section-nav--title\">\u0160aj\u0101 sada\u013c\u0101<\/h4><div class=\"section-nav--nav-items js-inpage-nav-items\"><\/div><\/div><\/div><\/div><\/div>\n\n\n\n<div class=\"wp-block-rea-paragraph-rea-paragraph-block rea-paragraph-block front\"><div class=\"rea-paragraph-block__content\"><p class=\"content-text\">             <br> <strong>(P\u0113d\u0113jo reizi atjaunin\u0101ts: 2021.gada 23.mart\u0101)<\/strong>             <br>             <br>\u0160\u012bs Priv\u0101tuma politikas (turpm\u0101k \u2013 &#8220;Politika&#8221;) m\u0113r\u0137is ir inform\u0113t j\u016bs par pamata personas datu apstr\u0101di, ko m\u0113s esam ieguvu\u0161i no www.sizofrenija.lv (turpm\u0101k &#8211; &#8220;M\u0101jaslapa&#8221;) pakalpojumu lietot\u0101jiem (turpm\u0101k &#8220;Datu Subjekti&#8221;). Datu Subjekti, kas jaun\u0101ki par 16 gadiem (turpm\u0101k &#8211; &#8220;Nepilngad\u012bgie&#8221;) nav ties\u012bgi izmantot m\u016bsu Pakalpojumus, un m\u0113s l\u016bdzam, lai Nepilngad\u012bgie nesniedz Uz\u0146\u0113mumam nek\u0101dus personas datus.<br>\u0160aj\u0101 M\u0101jaslap\u0101 var b\u016bt saites uz tre\u0161o pu\u0161u vietn\u0113m. M\u0113s nekontrol\u0113jam \u0161\u012bs vietnes un t\u0101m ir sava priv\u0101tuma politika. M\u0113s neatbildam par \u0161o viet\u0146u priv\u0101tuma praksi.<br><br><strong>Personas datu apstr\u0101des un datu aizsardz\u012bbas p\u0101rzinis<\/strong><br>Gedeon Richter Plc. (re\u0123istr\u0113t\u0101 adrese: 1103 Budape\u0161ta, Gy\u00f6mr\u0151i \u00fat 19-21.; turpm\u0101k \u201cRichter\u201d) ar p\u0101rst\u0101vi &#8211; Gedeon Richter P\u0101rst\u0101vniec\u012bba Latvij\u0101 (re\u0123istr\u0113t\u0101 adrese: Latvija, M\u0101rupe, K. Ulma\u0146a gatve 119, M\u0101rupe, M\u0101rupes novads, LV-2167)- turpm\u0101k \u2013 \u201em\u0113s\u201d, \u201emums\u201d vai \u201eUz\u0146\u0113mums\u201d, ir m\u0101jaslapas sizofrenija.lv (\u201cM\u0101jaslapa\u201d) uztur\u0113t\u0101js.<br>Richter datu aizsardz\u012bbas p\u0101rzi\u0146a e-pasts: <a href=\"mailto:dataprotection@richter.hu\" class=\"rank-math-link\">dataprotection@richter.hu<\/a>;p\u0101rst\u0101vja Latvij\u0101 e-pasts: <a href=\"mailto:office@richter.lv\" class=\"rank-math-link\">office@richter.lv<\/a><br><br><strong>Personas datu apstr\u0101des m\u0113r\u0137i un tiesiskais pamatojums<\/strong><br>Ja apmekl\u0113jat M\u0101jaslapu, m\u0113s varam vienlaikus apstr\u0101d\u0101t j\u016bsu personas datus, lai sniegtu inform\u0101ciju un palielin\u0101tu inform\u0113t\u012bbu par produktiem saska\u0146\u0101 ar piem\u0113rotajiem farm\u0101cijas noteikumiem, t\u0101l\u0101k uzskait\u012btajos m\u0113r\u0137os:<\/p><\/div><\/div>\n\n\n\n<div class=\"wp-block-rea-list-rea-list-block rea-list-block front\"><div class=\"rea-list-block__wrapper\"><div class=\"list-unordered list\"><p>M\u0101jaslapas darb\u012bba: j\u016bsu datu apstr\u0101de ir nepiecie\u0161ama M\u0101jaslapas lieto\u0161anas noteikumu veiktsp\u0113jai, pamatojoties uz m\u016bsu likum\u012bgaj\u0101m interes\u0113m,<\/p><p>Piepras\u012bjumu apstr\u0101de: m\u0113s apstr\u0101d\u0101jam j\u016bsu personas datus, pamatojoties uz m\u016bsu likum\u012bgaj\u0101m interes\u0113m, lai nodro\u0161in\u0101tu j\u016bsu piepras\u012bjumu un iesniegumu izskat\u012b\u0161anu un atbil\u017eu snieg\u0161anu saist\u012bb\u0101 ar M\u0101jaslapas saturu.<\/p><p>Likumdo\u0161anas aktu pras\u012bbu izpilde: m\u0113s apstr\u0101d\u0101jam j\u016bsu datus, lai izpild\u012btu uz mums attiecin\u0101mu likumdo\u0161anas aktu pras\u012bbas z\u0101\u013cu reklam\u0113\u0161anas jom\u0101.<\/p><\/div><\/div><\/div>\n\n\n\n<div class=\"wp-block-rea-paragraph-rea-paragraph-block rea-paragraph-block front\"><div class=\"rea-paragraph-block__content\"><p class=\"content-text\"><strong>Kur\u0161 \u0161o inform\u0101ciju var apskat\u012bt?<\/strong><br>Piek\u013cuve J\u016bsu personas datiem b\u016bs tikai t\u0101m Uz\u0146\u0113muma autoriz\u0113t\u0101m person\u0101m un departamentiem, kam savu uzdevumu realiz\u0113\u0161anai ir svar\u012bgi zin\u0101t \u0161os datus. M\u0113s varam k\u0101 datu apstr\u0101d\u0101t\u0101jus piesaist\u012bt citus pakalpojumu sniedz\u0113jus, kas sniegtu mums atbalstu pakalpojumu snieg\u0161an\u0101 vai citos ar Uz\u0146\u0113muma darb\u012bbu saist\u012btos jaut\u0101jumos. M\u0113s varam p\u0101rs\u016bt\u012bt j\u016bsu personas datus \u0101rpus ES\/EEZ, iev\u0113rojot atbilsto\u0161us dro\u0161\u012bbas pas\u0101kumus, piem\u0113ram, ES l\u012bguma standartklauzulas vai atbilsto\u0161i ES un U. S. Privacy Shield sist\u0113mai.<br><br><strong>J\u016bsu ties\u012bbas<\/strong><br>Jums ir ties\u012bbas piek\u013c\u016bt saviem datiem, tos labot vai dz\u0113st, k\u0101 ar\u012b noteiktos gad\u012bjumos iebilst pret j\u016bsu datu izmanto\u0161anu papildus cit\u0101m ties\u012bb\u0101m, k\u0101 nor\u0101d\u012bts priv\u0101tuma politik\u0101.<br><br>Jums ir ties\u012bbas iebilst pret j\u016bsu personas datu apstr\u0101di jebk\u0101du ar jums saist\u012btu iemeslu d\u0113\u013c, un \u0161aj\u0101 gad\u012bjum\u0101 m\u0113s, iesp\u0113jams, nevar\u0113sim apstr\u0101d\u0101t j\u016bsu personas datus un sniegt m\u016bsu pakalpojumus.<br><br><strong>Papildu inform\u0101cija.<\/strong><br>Papildu inform\u0101cijas ieg\u016b\u0161anai, skatiet www.sizofrenija.lv M\u0101jaslap\u0101 pilnu Priv\u0101tuma Politikas pazi\u0146ojumu!<br><br>\u0160\u012bs Priv\u0101tuma politikas (turpm\u0101k \u2013 &#8220;Politika&#8221;) m\u0113r\u0137is ir detaliz\u0113ti inform\u0113t j\u016bs par personas datu apstr\u0101di, ko m\u0113s esam ieguvu\u0161i no www.sizofrenija.lv (turpm\u0101k &#8211; &#8220;M\u0101jaslapa&#8221;) pakalpojumu lietot\u0101jiem (turpm\u0101k &#8220;Datu Subjekti&#8221;). Datu Subjekti, kas jaun\u0101ki par 16 gadiem (turpm\u0101k &#8211; &#8220;Nepilngad\u012bgie&#8221;) nav ties\u012bgi izmantot m\u016bsu Pakalpojumus, un m\u0113s l\u016bdzam, lai Nepilngad\u012bgie nesniedz Uz\u0146\u0113mumam nek\u0101dus personas datus. L\u016bdzu, lasiet Priv\u0101tuma Politiku kop\u0101 ar visp\u0101r\u0113jiem Lieto\u0161anas noteikumiem . M\u0113s jebkur\u0101 laik\u0101 varam p\u0101rskat\u012bt Priv\u0101tuma politiku, atjauninot \u0161o pazi\u0146ojumu, un m\u0113s ieg\u016bsim J\u016bsu piekri\u0161anu \u0161\u012bm izmai\u0146\u0101m, ja b\u016bs nepiecie\u0161ams. J\u016bs varat noteikt, kad Priv\u0101tuma politika ir p\u0113d\u0113jo reizi p\u0101rskat\u012bta, p\u0101rbaudot uzrakstu &#8220;P\u0113d\u0113jo reizi atjaunin\u0101ts&#8221; Priv\u0101tuma politikas aug\u0161\u0113j\u0101 da\u013c\u0101.<br>\u0160aj\u0101 M\u0101jaslap\u0101 var b\u016bt saites uz tre\u0161o pu\u0161u vietn\u0113m. M\u0113s nekontrol\u0113jam \u0161\u012bs vietnes un t\u0101m ir sava priv\u0101tuma politika. M\u0113s neatbildam par \u0161o viet\u0146u priv\u0101tuma praksi.<\/p><\/div><\/div>\n\n\n\n<figure class=\"wp-block-table is-style-stripes\"><table><tbody><tr><td class=\"has-text-align-left\" data-align=\"left\"><\/td><td class=\"has-text-align-left\" data-align=\"left\"><\/td><\/tr><tr><td class=\"has-text-align-left\" data-align=\"left\">DATU P\u0100RZINIS<\/td><td class=\"has-text-align-left\" data-align=\"left\">Gedeon Richter Plc. (re\u0123istr\u0113t\u0101 adrese: 1103 Budape\u0161ta, Gy\u00f6mr\u0151i \u00fat 19-21; turpm\u0101k \u201c<strong>Richter<\/strong>\u201d) ar p\u0101rst\u0101vi Gedeon Richter P\u0101rst\u0101vniec\u012bba Latvij\u0101 (re\u0123istr\u0113t\u0101 adrese: Latvija, M\u0101rupe, K. Ulma\u0146a gatve 119, M\u0101rupe, M\u0101rupes novads, LV-2167; turpm\u0101k \u201c<strong>P\u0101rst\u0101vniec\u012bba<\/strong>\u201d ) &#8211; turpm\u0101k \u2013 \u201e<strong>m\u0113s<\/strong>\u201d, \u201e<strong>mums<\/strong>\u201d vai \u201e<strong>Uz\u0146\u0113mums<\/strong>\u201d, ir m\u0101jaslapas sizofrenija.lv (\u201c<strong>M\u0101jaslapa<\/strong>\u201d) uztur\u0113t\u0101js.<br><br>Richter datu aizsardz\u012bbas p\u0101rzi\u0146a e-pasts: dataprotection@richter.hu; p\u0101rst\u0101vja Latvij\u0101 e-pasts: <a href=\"mailto:office@richter.lv\" class=\"rank-math-link\">office@richter.lv<\/a>            <\/td><\/tr><tr><td class=\"has-text-align-left\" data-align=\"left\">K\u0100DS IR DATU APSTR\u0100DES M\u0112R\u0136IS?            <\/td><td class=\"has-text-align-left\" data-align=\"left\">J\u016bsu datus m\u0113s izmantosim:<br><strong>M\u0101jaslapas darb\u012bba:<\/strong> j\u016bsu datu apstr\u0101de ir nepiecie\u0161ama M\u0101jaslapas Lieto\u0161anas noteikumu veiktsp\u0113jai, un \u0161\u012bs M\u0101jaslapas regul\u0101rai darb\u012bbai;<br><strong>Piepras\u012bjumu apstr\u0101de: <\/strong>j\u016bsu datu apstr\u0101de ir nepiecie\u0161ama, lai nodro\u0161in\u0101tu j\u016bsu piepras\u012bjumu un iesniegumu izskat\u012b\u0161anu un atbil\u017eu snieg\u0161anu saist\u012bb\u0101 ar M\u0101jaslapas saturu;<br><strong>Likumdo\u0161anas aktu pras\u012bbu izpilde<\/strong>: j\u016bsu datu apstr\u0101de ir nepiecie\u0161ama, lai izpild\u012btu uz mums attiecin\u0101mu likumdo\u0161anas aktu pras\u012bbas z\u0101\u013cu reklam\u0113\u0161anas jom\u0101.       <\/td><\/tr><tr><td class=\"has-text-align-left\" data-align=\"left\">K\u0100DUS PERSONAS DATUS M\u0112S VARAM V\u0100KT?<\/td><td class=\"has-text-align-left\" data-align=\"left\">Iepriek\u0161 min\u0113to iemeslu d\u0113\u013c m\u0113s apstr\u0101d\u0101jam (v\u0101cam) \u0161\u0101dus datu veidus:<br>\u2022 M\u0101jaslapas apmekl\u0113t\u0101ja dati: p\u0101rl\u016bkprogrammas veids un versija, izmantot\u0101 oper\u0113t\u0101jsist\u0113ma, vietne, no kuras m\u016bs apmekl\u0113jat (novirz\u012bt\u0101ja URL), t\u012bmek\u013ca lapa (- as), ko apmekl\u0113jat m\u016bsu M\u0101jaslap\u0101, piek\u013cuves datums un laiks, k\u0101 ar\u012b interneta protokola (IP) adrese.<br>\u2022 Kontaktinform\u0101cija: e-pasta adrese, citi j\u016bsu sniegtie dati.<br>\u2022 Dati par profesion\u0101lo pieder\u012bbu vesel\u012bbas apr\u016bpes speci\u0101listiem.             <\/td><\/tr><tr><td class=\"has-text-align-left\" data-align=\"left\">PERSONAS DATU APSTR\u0100DES JURIDISKAIS PAMATOJUMS<\/td><td class=\"has-text-align-left\" data-align=\"left\">Lai apstr\u0101d\u0101tu j\u016bsu personas datus, m\u0113s varam balst\u012bties uz sekojo\u0161iem juridiskajiem pamatiem:<br>\u2022 J\u016bsu piekri\u0161ana, kas sniegta saska\u0146\u0101 ar ES Regulas Nr. 679\/2016 (\u201cVDAR\u201d) 6. panta 1. punkta a) apak\u0161punktu (Piekri\u0161ana). Jums k\u0101 datu subjektam ir ties\u012bbas jebkur\u0101 laik\u0101 atsaukt j\u016bsu piekri\u0161anu. Piekri\u0161anas atsauk\u0161ana neietekm\u0113 apstr\u0101des likum\u012bbu, pamatojoties uz piekri\u0161anu pirms t\u0101s atsauk\u0161anas.<br>\u2022 J\u016bsu personas datu apstr\u0101de ir iesp\u0113jama, pamatojoties uz m\u016bsu likum\u012bgaj\u0101m interes\u0113m saska\u0146\u0101 ar VDAR 6. panta 1. punkta f) apak\u0161punktu (Le\u0123it\u012bm\u0101s intereses).<br>\u2022 M\u0113s varam apstr\u0101d\u0101t j\u016bsu personas datus, pamatojoties uz m\u016bsu juridiskaj\u0101m saist\u012bb\u0101m saska\u0146\u0101 ar VDAR 6. panta 1. punkta c) apak\u0161punktu (Juridisk\u0101s saist\u012bbas).<br>M\u0113s varam apstr\u0101d\u0101t j\u016bsu personas datus turpm\u0101k nor\u0101d\u012btajiem m\u0113r\u0137iem un juridiskajiem pamatiem<br><br><div>                     <div style=\"display: flex;width: 100%; border-bottom: 2px solid #116e79;\">                         <div style=\"flex: 1; width: 30%; background: #87b6bb; padding: 10px; display: flex; align-items: center;\">Datu apstr\u0101des m\u0113r\u0137is                        <\/div>                         <div style=\"flex: 1; width: 50%; background: #87b6bb;  padding: 10px;  padding: 5px; display: flex; align-items: center;\">Apstr\u0101d\u0101to personas datu kategorijas                       <\/div>                         <div style=\"flex: 1; width: 20%; background: #87b6bb;  padding: 10px;  padding: 5px; display: flex; align-items: center;\"> Juridiskais pamats                        <\/div>                     <\/div>                     <div style=\"display: flex;width: 100%;border: 1px solid #f3f4f5;\">                         <div style=\"flex: 1;width: 30%; padding: 10px; display: flex; align-items: center;\">                             <strong>M\u0101jaslapas darb\u012bba<\/strong>                         <\/div>                         <div style=\"flex: 1;width: 50%; padding: 10px; display: flex; align-items: center; \">M\u0101jaslapas apmekl\u0113t\u0101ja dati                       <\/div>                         <div style=\"flex: 1;width: 20%; padding: 10px; display: flex; align-items: center; \">Le\u0123it\u012bm\u0101s intereses                        <\/div>                     <\/div>                     <div style=\"display: flex;width: 100%;border: 1px solid #f3f4f5;\">                         <div style=\"flex: 1;width: 30%; padding: 10px; display: flex; align-items: center;\">                             <strong>Piepras\u012bjumu apstr\u0101de<\/strong>                         <\/div>                         <div style=\"flex: 1;width: 50%; padding: 10px; display: flex; align-items: center; \">Kontaktinform\u0101cija, citi personas sniegtie dati                       <\/div>                         <div style=\"flex: 1;width: 20%; padding: 10px; display: flex; align-items: center; \">Le\u0123it\u012bm\u0101s intereses                      <\/div>                     <\/div>                     <div style=\"display: flex;width: 100%;border: 1px solid #f3f4f5;\">                         <div style=\"flex: 1;width: 30%; padding: 10px; display: flex; align-items: center;\">                             <strong>Uz Uz\u0146\u0113mumu attiecin\u0101mo juridisko pien\u0101kumu izpilde<\/strong>                         <\/div>                         <div style=\"flex: 1;width: 50%; padding: 10px; display: flex; align-items: center; \">Profesion\u0101l\u0101s pieder\u012bbas vesel\u012bbas apr\u016bpes speci\u0101listiem dati                        <\/div>                         <div style=\"flex: 1;width: 20%; padding: 10px; display: flex; align-items: center; \">Juridisk\u0101s saist\u012bbas                        <\/div>                     <\/div>                     <div style=\"display: flex;width: 100%;border: 1px solid #f3f4f5;\">                         <\/div>                 <\/div>                    <\/td><\/tr><tr><td class=\"has-text-align-left\" data-align=\"left\">M\u016aSU LE\u0122IT\u012aM\u0100S INTERESES<\/td><td class=\"has-text-align-left\" data-align=\"left\"><br>M\u0113s esam veiku\u0161i l\u012bdzsvaro\u0161anas testu, lai nosl\u0113gtu m\u016bsu domin\u0113jo\u0161\u0101s le\u0123it\u012bm\u0101s intereses. M\u0113s apsv\u0113r\u0101m, cik liel\u0101 m\u0113r\u0101 j\u016bsu intereses, ties\u012bbas un br\u012bv\u012bbu var ietekm\u0113t m\u016bsu datu apstr\u0101des darb\u012bbas, k\u0101 ar\u012b Uz\u0146\u0113mumu organizatorisko strukt\u016bru un darb\u012bbu un m\u016bsu sniegt\u0101s priv\u0101tuma garantijas. Pamatojoties uz to, esam secin\u0101ju\u0161i, ka m\u016bsu attiec\u012bg\u0101s datu apstr\u0101des aktivit\u0101tes (k\u0101 nor\u0101d\u012bts zem\u0101k) b\u016btiski neierobe\u017eo j\u016bsu intereses, personisk\u0101s ties\u012bbas un br\u012bv\u012bbu.           <br>                 <br>                 <div>                     <div style=\"display: flex;width: 100%; border-bottom: 2px solid #116e79;\">                         <div style=\"flex: 1; width: 30%; background: #87b6bb; padding: 10px; display: flex; align-items: center;\">Apstr\u0101des darb\u012bba                 <\/div>                         <div style=\"flex: 1; width: 70%; background: #87b6bb;  padding: 10px;  padding: 5px; display: flex; align-items: center;\">L\u012bdzsvaro\u0161anas tests                     <\/div> <\/div>                      <div style=\"display: flex;width: 100%;border: 1px solid #f3f4f5;\">                         <div style=\"flex: 1;width: 30%; padding: 10px; display: flex; align-items: center;\">                             <strong>M\u0101jaslapas darb\u012bba<\/strong>                         <\/div>                          <div style=\"flex: 1;width: 70%; padding: 10px; display: flex; align-items: center; \">M\u0113s esam nov\u0113rt\u0113ju\u0161i savas le\u0123it\u012bm\u0101s intereses un secin\u0101ju\u0161i, ka, apmekl\u0113jot m\u016bsu M\u0101jaslapu, m\u0113s esam likum\u012bgi ieinteres\u0113ti apstr\u0101d\u0101t j\u016bsu personas datus t\u0101d\u0101 apjom\u0101, k\u0101ds ir nepiecie\u0161ams M\u0101jaslapas nodro\u0161in\u0101\u0161anai un darb\u012bbai.                      <\/div> <\/div>                      <div style=\"display: flex;width: 100%;border: 1px solid #f3f4f5;\">                         <div style=\"flex: 1;width: 30%; padding: 10px; display: flex; align-items: center;\">                             <strong>Piepras\u012bjumu apstr\u0101de<\/strong>                         <\/div>                         <div style=\"flex: 1;width: 70%; padding: 10px; display: flex; align-items: center; \">M\u0113s esam nov\u0113rt\u0113ju\u0161i savas le\u0123it\u012bm\u0101s intereses un secin\u0101ju\u0161i, ka m\u0113s esam likum\u012bgi ieinteres\u0113ti apstr\u0101d\u0101t j\u016bsu personas datus t\u0101d\u0101 apjom\u0101, k\u0101ds nepiecie\u0161ams, lai m\u0113s veiktu no jums sa\u0146emto piepras\u012bjumu un iesniegumu apstr\u0101di saist\u012bb\u0101 ar M\u0101jaslapas saturu.<\/div>                          <\/div>                     <\/div>Lai ieg\u016btu pla\u0161\u0101ku inform\u0101ciju par m\u016bsu le\u0123it\u012bmaj\u0101m interes\u0113m, l\u016bdzu, sazinieties ar mums <a href=\"mailto:office@richter.lv\" class=\"rank-math-link\">office@richter.lv<\/a><\/td><\/tr><tr><td class=\"has-text-align-left\" data-align=\"left\">S\u012aKDATNES<\/td><td class=\"has-text-align-left\" data-align=\"left\">M\u0101jaslap\u0101 m\u0113s izmantojam s\u012bkdatnes. Izmantot\u0101s s\u012bkdatnes un inform\u0101cija par t\u0101m ir nor\u0101d\u012bta m\u016bsu S\u012bkdat\u0146u politik\u0101, kas <a href=\"https:\/\/sizofrenija.lv\/pazinojums-par-sikdatnem\/?\" class=\"rank-math-link\">pieejama<\/a>.        <\/td><\/tr><tr><td class=\"has-text-align-left\" data-align=\"left\">CIK ILGI PERSONAS DATI TIKS GLAB\u0100TI?<\/td><td class=\"has-text-align-left\" data-align=\"left\">\u0145emot v\u0113r\u0101 to, ka j\u016bsu k\u0101 M\u0101jaslapas apmekl\u0113t\u0101ja un profesion\u0101l\u0101s pieder\u012bbas vesel\u012bbas apr\u016bpes speci\u0101listiem dati tiks apstr\u0101d\u0101ti, lai piek\u013c\u016btu M\u0101jaslapai, un p\u0113c tam tie b\u016bs pieejami anon\u012bm\u0101 veid\u0101 tikai iepriek\u0161 nor\u0101d\u012btajiem m\u0113r\u0137iem, m\u0113s saglab\u0101sim j\u016bsu personas datus tik ilgi, cik tas b\u016bs nepiecie\u0161ams, lai izpild\u012btu m\u0113r\u0137us, tostarp jebkuru juridisku pras\u012bbu izpildei.<br>Lai noteiktu personas datiem atbilsto\u0161o saglab\u0101\u0161anas periodu, m\u0113s \u0146emam v\u0113r\u0101 personas datu apjomu, veidu un jut\u012bgumu, iesp\u0113jamo kait\u0113juma risku, ko rada j\u016bsu personas datu neat\u013cauta izmanto\u0161ana vai izpau\u0161ana, m\u0113r\u0137us, kuriem m\u0113s apstr\u0101d\u0101jam j\u016bsu personas datus, vai m\u0113s varam tos sasniegt ar citiem l\u012bdzek\u013ciem, un piem\u0113rotaj\u0101m juridiskaj\u0101m pras\u012bb\u0101m.<br>M\u0113s apstr\u0101d\u0101sim un uzglab\u0101sim anon\u012bmus personas datus saist\u012bb\u0101 ar j\u016bsu M\u0101jaslapas apmekl\u0113jumu vienu gadu p\u0113c j\u016bsu apmekl\u0113juma.<br>M\u0113s apstr\u0101d\u0101sim un uzglab\u0101sim j\u016bsu kontaktinform\u0101ciju un citus sniegtos datus saist\u012bb\u0101 ar j\u016bsu piepras\u012bjuma izskat\u012b\u0161anu ne ilg\u0101k k\u0101 nepiecie\u0161ams, lai \u012bstenotu m\u0113r\u0137us, kuru d\u0113\u013c \u0161\u0101di personas dati tika apstr\u0101d\u0101ti (sav\u0101kti), ja vien piem\u0113rojamais likums nenosaka, ka tie j\u0101apstr\u0101d\u0101 ilg\u0101k.            <\/td><\/tr><tr><td class=\"has-text-align-left\" data-align=\"left\">KAS VAR PIEK\u013b\u016aT J\u016aSU DATIEM?<\/td><td class=\"has-text-align-left\" data-align=\"left\">M\u0113s neizpaud\u012bsim nek\u0101dus j\u016bsu personas datus tre\u0161aj\u0101m pus\u0113m, \u0101r\u0113j\u0101m strukt\u016br\u0101m vai organiz\u0101cij\u0101m, iz\u0146emot t\u0101l\u0101k min\u0113tos gad\u012bjumus, vai ar\u012b, ja j\u016bs piekr\u012btat datu p\u0101rs\u016bt\u012b\u0161anai vai datu p\u0101rs\u016bt\u012b\u0161ana ir nepiecie\u0161ama vai to pie\u013cauj likumdo\u0161ana.<br>M\u0113s varam iesaist\u012bt tre\u0161\u0101s puses k\u0101 datu apstr\u0101d\u0101t\u0101jus, lai sniegtu mums pakalpojumus un koplietotu j\u016bsu personas datus ar \u0161\u0101d\u0101m tre\u0161aj\u0101m person\u0101m, k\u0101 ar\u012b ar juridiskajiem un citiem padomdev\u0113jiem, konsultantiem, kas mums pal\u012bdz. Tom\u0113r \u0161\u0101d\u0101 gad\u012bjum\u0101 m\u0113s vienm\u0113r nodro\u0161in\u0101sim j\u016bsu personas datu konfidencialit\u0101ti, piem\u0113ram, nosl\u0113dzot vieno\u0161anos par konfidencialit\u0101ti un neizpau\u0161anu. M\u0113s varam p\u0101rs\u016bt\u012bt j\u016bsu personas datus \u0101rpus ES\/EEZ. \u0160aj\u0101 gad\u012bjum\u0101 m\u0113s r\u012bkosimies atbilsto\u0161i aizsardz\u012bbas pas\u0101kumiem, piem\u0113ram, uz ES l\u012bguma standartklauzul\u0101m vai ES un U. S. Privacy Shield sist\u0113mai.<br>Uz\u0146\u0113mums ir piesaist\u012bjis \u0161\u0101dus datu apstr\u0101d\u0101t\u0101jus saist\u012bb\u0101 ar \u0161\u012bs M\u0101jaslapas darb\u012bbu un t\u0101s pakalpojumu snieg\u0161anu:<br>\u2022 <strong>Amarone Ltd.<\/strong> &#8211; H-1142 Budapest, 112. Erzs\u00e9bet kir\u00e1lyn\u00e9 str., &#8211; M\u0101jaslapas darb\u012bba<br>\u2022 <strong>PharmiWeb 2002 Limited<\/strong> &#8211; One Station Square, Bracknell, RG12 1QB, United Kingdom, &#8211; M\u0101jaslapas izstr\u0101de un dizains<br>\u2022 <strong>Google LLC<\/strong> &#8211; 1600 Amphitheatre Parkway, Mountain View, California 94043, USA \u2013 Google Analytics (izmanto tikai tad, ja piekrists anal\u012btiskaj\u0101m s\u012bkdatn\u0113m).           <\/td><\/tr><tr><td class=\"has-text-align-left\" data-align=\"left\">J\u016aSU TIES\u012aBAS<\/td><td class=\"has-text-align-left\" data-align=\"left\"> J\u016bs esat ties\u012bgs izmantot t\u0101l\u0101k nor\u0101d\u012bt\u0101s ties\u012bbas:<br>(i) Piek\u013cuves ties\u012bbas: Jums ir ties\u012bbas jaut\u0101t, vai mums par jums ir personas dati, un, ja t\u0101 ir, piepras\u012bt inform\u0101ciju par to k\u0101dus personas datus glab\u0101jam. M\u0113s atbild\u0113sim uz jaut\u0101jumiem, k\u0101p\u0113c m\u0113s izmantojam j\u016bsu personas datus, par to, k\u0101di dati tiek saglab\u0101ti un kam m\u0113s esam nodro\u0161in\u0101ju\u0161i piek\u013cuvi \u0161iem datiem. Tom\u0113r t\u0101s nav absol\u016btas ties\u012bbas, un citu personu intereses var ierobe\u017eot j\u016bsu piek\u013cuves ties\u012bbas.<br>(ii) Ties\u012bbas uz datu labo\u0161anu: Jums ir ties\u012bbas piepras\u012bt labot neprec\u012bzus personas datus vai aizpild\u012bt nepiln\u012bgus personas datus.<br>(iii) Ties\u012bbas uz datu dz\u0113\u0161anu (ties\u012bbas b\u016bt aizmirstam): Jums ir ties\u012bbas piepras\u012bt dz\u0113st personas datus.<br>(iv) Ties\u012bbas ierobe\u017eot datu apstr\u0101di: Jums ir ties\u012bbas piepras\u012bt ierobe\u017eot vai aizliegt datu apstr\u0101di. \u0160\u0101dos gad\u012bjumos m\u0113s varam datus izmantot tikai noteiktiem ierobe\u017eotiem m\u0113r\u0137iem, kas noteikti likum\u0101.<br>(v) Ties\u012bbas uz datu p\u0101rnesam\u012bbu: Jums var b\u016bt ties\u012bbas sa\u0146emt savus personas datus, kuriem mums ir piek\u013cuve, struktur\u0113t\u0101, vienk\u0101r\u0161\u0101 un ma\u0161\u012bnlas\u0101m\u0101 form\u0101t\u0101, un p\u0113c tam var b\u016bt ties\u012bbas p\u0101rs\u016bt\u012bt \u0161os datus citai organiz\u0101cijai bez aizkav\u0113\u0161an\u0101s no mums.<br>(vi) Ties\u012bbas uz iebildumiem:              <br>                 <div style=\"background: #7baeb4;color: #ffffff; padding: 10px; margin-top: 5px;\">Jums ir ties\u012bbas iebilst pret j\u016bsu personas datu apstr\u0101di jebk\u0101du ar jums saist\u012btu iemeslu d\u0113\u013c, un \u0161aj\u0101 gad\u012bjum\u0101 m\u0113s, iesp\u0113jams, nevar\u0113sim apstr\u0101d\u0101t j\u016bsu personisko inform\u0101ciju. Ja jums ir ties\u012bbas iebilst un \u0161o ties\u012bbu izmanto\u0161ana ir attaisnota, j\u016bsu personas dati, kas attiecas uz \u0161iem iebildumiem, netiks t\u0101l\u0101k apstr\u0101d\u0101ti. \u0160o ties\u012bbu izmanto\u0161ana nerada nek\u0101das izmaksas.               <\/div>                 <br>                 <br>(vii) Ties\u012bbas iesniegt s\u016bdz\u012bbu: Ja uzskat\u0101t, ka ir p\u0101rk\u0101ptas j\u016bsu ties\u012bbas uz priv\u0101tumu un datu aizsardz\u012bbu, varat sazin\u0101ties ar attiec\u012bgo datu aizsardz\u012bbas iest\u0101di, kas uzrauga Uz\u0146\u0113muma darb\u012bbu:<br>\u2022 Ung\u0101rijas Nacion\u0101lo Datu Aizsardz\u012bbas un Inform\u0101cijas Br\u012bv\u012bbas A\u0123ent\u016bru (Nemzeti Adatv\u00e9delmi \u00e9s Inform\u00e1ci\u00f3szabads\u00e1g Hat\u00f3s\u00e1g \u2013 NAIH; adrese: H-1024 Budapest, Szil\u00e1gyi Erzs\u00e9bet fasor 22\/C.; m\u0101jaslapa: www.naih.hu; t\u0101lrunis: +36-1-391-1400; e-pasts:: <a href=\"mailto:ugyfelszolgalat@naih.hu\" class=\"rank-math-link\">ugyfelszolgalat@naih.hu<\/a>; fakss: +36 1 391 1410;<br>\u2022 vai Latvij\u0101 sazinieties ar Datu valsts inspekciju; adrese: Elijas iela 17, R\u012bga, Latvija, LV-1050; t\u0101lrunis: +371 67223131; e-pasts: info@dvi.gov.lv<br>vai ar\u012b j\u016bs varat sazin\u0101ties ar kompetento datu aizsardz\u012bbas uzraudz\u012bbas iest\u0101di, kas atrodas Eiropas Savien\u012bbas attiec\u012bgaj\u0101 dal\u012bbvalst\u012b, kur ir j\u016bsu past\u0101v\u012bg\u0101 dz\u012bvesvieta, darba vieta vai iesp\u0113jam\u0101 p\u0101rk\u0101puma izdar\u012b\u0161anas vieta.     <\/td><\/tr><tr><td class=\"has-text-align-left\" data-align=\"left\">DATU AIZSARDZ\u012aBAS P\u0100RZINIS<\/td><td class=\"has-text-align-left\" data-align=\"left\">Lai ieg\u016btu pla\u0161\u0101ku inform\u0101ciju par Priv\u0101tuma un S\u012bkdat\u0146u Politiku un par Datu subjektu piepras\u012bjumiem par konfidencialit\u0101ti un datu aizsardz\u012bbu, l\u016bdzu, sazinieties ar mums office@richter.lv.<br>Richter datu aizsardz\u012bbas p\u0101rzi\u0146a e-pasts: <a href=\"mailto:dataprotection@richter.hu\" class=\"rank-math-link\">dataprotection@richter.hu<\/a>;<br>p\u0101rst\u0101vja Latvij\u0101 e-pasts: <a href=\"mailto:office@richter.lv\" class=\"rank-math-link\">office@richter.lv<\/a>     <\/td><\/tr><\/tbody><\/table><\/figure>\n\n\n\n<p><\/p>\n","protected":false},"excerpt":{"rendered":"<p>DATU P\u0100RZINIS Gedeon Richter Plc. (re\u0123istr\u0113t\u0101 adrese: 1103 Budape\u0161ta, Gy\u00f6mr\u0151i \u00fat 19-21; turpm\u0101k \u201cRichter\u201d) ar p\u0101rst\u0101vi Gedeon Richter P\u0101rst\u0101vniec\u012bba Latvij\u0101 (re\u0123istr\u0113t\u0101 adrese: Latvija, M\u0101rupe, K. Ulma\u0146a gatve 119, M\u0101rupe, M\u0101rupes novads, LV-2167; turpm\u0101k \u201cP\u0101rst\u0101vniec\u012bba\u201d ) &#8211; turpm\u0101k \u2013 \u201em\u0113s\u201d, \u201emums\u201d vai \u201eUz\u0146\u0113mums\u201d, ir m\u0101jaslapas sizofrenija.lv (\u201cM\u0101jaslapa\u201d) uztur\u0113t\u0101js. Richter datu aizsardz\u012bbas p\u0101rzi\u0146a e-pasts: dataprotection@richter.hu; p\u0101rst\u0101vja Latvij\u0101 [&hellip;]<\/p>\n","protected":false},"author":1,"featured_media":0,"parent":0,"menu_order":0,"comment_status":"closed","ping_status":"closed","template":"page-fullwidth.php","meta":{"_acf_changed":false,"rea_page_title_signed_in_meta_block_field":"Priv\u0101tuma politika","rea_page_title_signed_out_meta_block_field":"Priv\u0101tuma politika","rea_page_description_signed_in_meta_block_field":"","rea_page_description_signed_out_meta_block_field":"","rea_page_footer_id_meta_block_field":"","rea_page_footer_date_meta_block_field":"","footnotes":""},"class_list":["post-188","page","type-page","status-publish","hentry"],"acf":[],"yoast_head":"<!-- This site is optimized with the Yoast SEO plugin v20.8 - https:\/\/yoast.com\/wordpress\/plugins\/seo\/ -->\n<title>Priv\u0101tuma politika - sizofrenija.lv\/sabiedribai<\/title>\n<meta name=\"robots\" content=\"index, follow, max-snippet:-1, max-image-preview:large, max-video-preview:-1\" \/>\n<link rel=\"canonical\" href=\"https:\/\/sizofrenija.lv\/sabiedribai\/privatuma-politika\/\" \/>\n<meta property=\"og:locale\" content=\"en_US\" \/>\n<meta property=\"og:type\" content=\"article\" \/>\n<meta property=\"og:title\" content=\"Priv\u0101tuma politika - sizofrenija.lv\/sabiedribai\" \/>\n<meta property=\"og:description\" content=\"DATU P\u0100RZINIS Gedeon Richter Plc. (re\u0123istr\u0113t\u0101 adrese: 1103 Budape\u0161ta, Gy\u00f6mr\u0151i \u00fat 19-21; turpm\u0101k \u201cRichter\u201d) ar p\u0101rst\u0101vi Gedeon Richter P\u0101rst\u0101vniec\u012bba Latvij\u0101 (re\u0123istr\u0113t\u0101 adrese: Latvija, M\u0101rupe, K. Ulma\u0146a gatve 119, M\u0101rupe, M\u0101rupes novads, LV-2167; turpm\u0101k \u201cP\u0101rst\u0101vniec\u012bba\u201d ) &#8211; turpm\u0101k \u2013 \u201em\u0113s\u201d, \u201emums\u201d vai \u201eUz\u0146\u0113mums\u201d, ir m\u0101jaslapas sizofrenija.lv (\u201cM\u0101jaslapa\u201d) uztur\u0113t\u0101js. Richter datu aizsardz\u012bbas p\u0101rzi\u0146a e-pasts: dataprotection@richter.hu; p\u0101rst\u0101vja Latvij\u0101 [&hellip;]\" \/>\n<meta property=\"og:url\" content=\"https:\/\/sizofrenija.lv\/sabiedribai\/privatuma-politika\/\" \/>\n<meta property=\"og:site_name\" content=\"sizofrenija.lv\/sabiedribai\" \/>\n<meta property=\"article:modified_time\" content=\"2021-03-31T07:35:45+00:00\" \/>\n<meta property=\"og:image\" content=\"https:\/\/sizofrenija.lv\/wp-content\/uploads\/2019\/03\/wooden.png\" \/>\n<meta name=\"twitter:card\" content=\"summary_large_image\" \/>\n<meta name=\"twitter:label1\" content=\"Est. reading time\" \/>\n\t<meta name=\"twitter:data1\" content=\"13 minutes\" \/>\n<script type=\"application\/ld+json\" class=\"yoast-schema-graph\">{\"@context\":\"https:\/\/schema.org\",\"@graph\":[{\"@type\":\"WebPage\",\"@id\":\"https:\/\/sizofrenija.lv\/sabiedribai\/privatuma-politika\/\",\"url\":\"https:\/\/sizofrenija.lv\/sabiedribai\/privatuma-politika\/\",\"name\":\"Priv\u0101tuma politika - sizofrenija.lv\/sabiedribai\",\"isPartOf\":{\"@id\":\"https:\/\/sizofrenija.lv\/sabiedribai\/#website\"},\"datePublished\":\"2019-03-08T15:15:39+00:00\",\"dateModified\":\"2021-03-31T07:35:45+00:00\",\"breadcrumb\":{\"@id\":\"https:\/\/sizofrenija.lv\/sabiedribai\/privatuma-politika\/#breadcrumb\"},\"inLanguage\":\"en-US\",\"potentialAction\":[{\"@type\":\"ReadAction\",\"target\":[\"https:\/\/sizofrenija.lv\/sabiedribai\/privatuma-politika\/\"]}]},{\"@type\":\"BreadcrumbList\",\"@id\":\"https:\/\/sizofrenija.lv\/sabiedribai\/privatuma-politika\/#breadcrumb\",\"itemListElement\":[{\"@type\":\"ListItem\",\"position\":1,\"name\":\"Home\",\"item\":\"https:\/\/sizofrenija.lv\/sabiedribai\/\"},{\"@type\":\"ListItem\",\"position\":2,\"name\":\"Priv\u0101tuma politika\"}]},{\"@type\":\"WebSite\",\"@id\":\"https:\/\/sizofrenija.lv\/sabiedribai\/#website\",\"url\":\"https:\/\/sizofrenija.lv\/sabiedribai\/\",\"name\":\"sizofrenija.lv\/sabiedribai\",\"description\":\"\",\"potentialAction\":[{\"@type\":\"SearchAction\",\"target\":{\"@type\":\"EntryPoint\",\"urlTemplate\":\"https:\/\/sizofrenija.lv\/sabiedribai\/?s={search_term_string}\"},\"query-input\":\"required name=search_term_string\"}],\"inLanguage\":\"en-US\"}]}<\/script>\n<!-- \/ Yoast SEO plugin. -->","yoast_head_json":{"title":"Priv\u0101tuma politika - sizofrenija.lv\/sabiedribai","robots":{"index":"index","follow":"follow","max-snippet":"max-snippet:-1","max-image-preview":"max-image-preview:large","max-video-preview":"max-video-preview:-1"},"canonical":"https:\/\/sizofrenija.lv\/sabiedribai\/privatuma-politika\/","og_locale":"en_US","og_type":"article","og_title":"Priv\u0101tuma politika - sizofrenija.lv\/sabiedribai","og_description":"DATU P\u0100RZINIS Gedeon Richter Plc. (re\u0123istr\u0113t\u0101 adrese: 1103 Budape\u0161ta, Gy\u00f6mr\u0151i \u00fat 19-21; turpm\u0101k \u201cRichter\u201d) ar p\u0101rst\u0101vi Gedeon Richter P\u0101rst\u0101vniec\u012bba Latvij\u0101 (re\u0123istr\u0113t\u0101 adrese: Latvija, M\u0101rupe, K. Ulma\u0146a gatve 119, M\u0101rupe, M\u0101rupes novads, LV-2167; turpm\u0101k \u201cP\u0101rst\u0101vniec\u012bba\u201d ) &#8211; turpm\u0101k \u2013 \u201em\u0113s\u201d, \u201emums\u201d vai \u201eUz\u0146\u0113mums\u201d, ir m\u0101jaslapas sizofrenija.lv (\u201cM\u0101jaslapa\u201d) uztur\u0113t\u0101js. Richter datu aizsardz\u012bbas p\u0101rzi\u0146a e-pasts: dataprotection@richter.hu; p\u0101rst\u0101vja Latvij\u0101 [&hellip;]","og_url":"https:\/\/sizofrenija.lv\/sabiedribai\/privatuma-politika\/","og_site_name":"sizofrenija.lv\/sabiedribai","article_modified_time":"2021-03-31T07:35:45+00:00","og_image":[{"url":"https:\/\/sizofrenija.lv\/wp-content\/uploads\/2019\/03\/wooden.png"}],"twitter_card":"summary_large_image","twitter_misc":{"Est. reading time":"13 minutes"},"schema":{"@context":"https:\/\/schema.org","@graph":[{"@type":"WebPage","@id":"https:\/\/sizofrenija.lv\/sabiedribai\/privatuma-politika\/","url":"https:\/\/sizofrenija.lv\/sabiedribai\/privatuma-politika\/","name":"Priv\u0101tuma politika - sizofrenija.lv\/sabiedribai","isPartOf":{"@id":"https:\/\/sizofrenija.lv\/sabiedribai\/#website"},"datePublished":"2019-03-08T15:15:39+00:00","dateModified":"2021-03-31T07:35:45+00:00","breadcrumb":{"@id":"https:\/\/sizofrenija.lv\/sabiedribai\/privatuma-politika\/#breadcrumb"},"inLanguage":"en-US","potentialAction":[{"@type":"ReadAction","target":["https:\/\/sizofrenija.lv\/sabiedribai\/privatuma-politika\/"]}]},{"@type":"BreadcrumbList","@id":"https:\/\/sizofrenija.lv\/sabiedribai\/privatuma-politika\/#breadcrumb","itemListElement":[{"@type":"ListItem","position":1,"name":"Home","item":"https:\/\/sizofrenija.lv\/sabiedribai\/"},{"@type":"ListItem","position":2,"name":"Priv\u0101tuma politika"}]},{"@type":"WebSite","@id":"https:\/\/sizofrenija.lv\/sabiedribai\/#website","url":"https:\/\/sizofrenija.lv\/sabiedribai\/","name":"sizofrenija.lv\/sabiedribai","description":"","potentialAction":[{"@type":"SearchAction","target":{"@type":"EntryPoint","urlTemplate":"https:\/\/sizofrenija.lv\/sabiedribai\/?s={search_term_string}"},"query-input":"required name=search_term_string"}],"inLanguage":"en-US"}]}},"_links":{"self":[{"href":"https:\/\/sizofrenija.lv\/sabiedribai\/wp-json\/wp\/v2\/pages\/188","targetHints":{"allow":["GET"]}}],"collection":[{"href":"https:\/\/sizofrenija.lv\/sabiedribai\/wp-json\/wp\/v2\/pages"}],"about":[{"href":"https:\/\/sizofrenija.lv\/sabiedribai\/wp-json\/wp\/v2\/types\/page"}],"author":[{"embeddable":true,"href":"https:\/\/sizofrenija.lv\/sabiedribai\/wp-json\/wp\/v2\/users\/1"}],"replies":[{"embeddable":true,"href":"https:\/\/sizofrenija.lv\/sabiedribai\/wp-json\/wp\/v2\/comments?post=188"}],"version-history":[{"count":19,"href":"https:\/\/sizofrenija.lv\/sabiedribai\/wp-json\/wp\/v2\/pages\/188\/revisions"}],"predecessor-version":[{"id":3107,"href":"https:\/\/sizofrenija.lv\/sabiedribai\/wp-json\/wp\/v2\/pages\/188\/revisions\/3107"}],"wp:attachment":[{"href":"https:\/\/sizofrenija.lv\/sabiedribai\/wp-json\/wp\/v2\/media?parent=188"}],"curies":[{"name":"wp","href":"https:\/\/api.w.org\/{rel}","templated":true}]}}