{"id":4637,"date":"2024-04-08T13:34:22","date_gmt":"2024-04-08T12:34:22","guid":{"rendered":"https:\/\/sizofrenija.lv\/sabiedribai\/?page_id=4637"},"modified":"2025-12-19T11:54:08","modified_gmt":"2025-12-19T10:54:08","slug":"sizofrenijas-statistika-cik-cilvekiem-ir-sizofrenija","status":"publish","type":"page","link":"https:\/\/sizofrenija.lv\/sabiedribai\/sizofrenijas-statistika-cik-cilvekiem-ir-sizofrenija\/","title":{"rendered":"\u0160izofr\u0113nijas statistika: Cik cilv\u0113kiem ir \u0161izofr\u0113nija?"},"content":{"rendered":"\n<div class=\"wp-block-rea-inpage-nav-rea-inpage-nav-block rea-inpage-nav-block front has-margin\"><div class=\"rea-inpage-nav-block__image\" style=\"background-image: url(https:\/\/schizophrenia.life\/public\/wp-content\/uploads\/2019\/03\/wooden.png)\"><img decoding=\"async\" class=\"inpage-nav-background\" alt=\"\" src=\"https:\/\/schizophrenia.life\/public\/wp-content\/uploads\/2019\/03\/wooden.png\"\/><\/div><div class=\"rea-inpage-nav-block__content\"><div class=\"rea-inpage-nav-block__content--wrapper\"><div class=\"text-wrapper\"><h2 class=\"inpage-nav-title\">\u0160izofr\u0113nijas statistika: Cik cilv\u0113kiem ir \u0161izofr\u0113nija?<\/h2><ul class=\"inpage-nav-list\"><\/ul><\/div><div class=\"section-nav\"><h4 class=\"section-nav--title\">\u0160aj\u0101 sada\u013c\u0101<\/h4><div class=\"section-nav--nav-items js-inpage-nav-items\"><\/div><\/div><\/div><\/div><\/div>\n\n\n\n<div class=\"wp-block-rea-illustration-rea-illustration-block rea-illustration-block front\"><img class=\"illustration-bg\" alt=\"\"\/><div class=\"rea-illustration-block__content\"><div class=\"rea-illustration-block__image image-wrapper\"><a href=\"\" rel=\"noopener noreferrer\" target=\"_blank\" class=\"is-blocked\"><img decoding=\"async\" class=\"illustration left\" alt=\"\" src=\"https:\/\/schizophrenia.life\/public\/wp-content\/uploads\/2022\/02\/Schizophrenia.life_Public_Article_Epidemiology-immagine-scaled.jpg\" style=\"max-width: 72%\"\/><img decoding=\"async\" class=\"rea-mobile illustration-mobile\" alt=\"\" src=\"https:\/\/schizophrenia.life\/public\/wp-content\/uploads\/2022\/02\/Schizophrenia.life_Public_Article_Epidemiology-immagine-scaled.jpg\"\/><\/a><\/div><p class=\"rea-site__caption caption-text align-left\"><\/p><\/div><\/div>\n\n\n\n<div class=\"wp-block-rea-paragraph-rea-paragraph-block rea-paragraph-block front\"><div class=\"rea-paragraph-block__content\"><p class=\"content-text\">Saska\u0146\u0101 ar Pasaules Vesel\u012bbas organiz\u0101cijas (PVO) datiem vismaz 20 miljoni cilv\u0113ku vis\u0101 pasaul\u0113 dz\u012bvo ar \u0161izofr\u0113niju.<sup>1<\/sup> Iesp\u0113jams, vi\u0146iem ir nepiecie\u0161ama <strong><a href=\"https:\/\/sizofrenija.lv\/sabiedribai\/padoms-un-atbalsts\/palidziba\/\">pal\u012bdz\u012bba un atbalsts<\/a><\/strong>, lai ik r\u012btu pieceltos un dotos uz skolu vai darbu, vai vienk\u0101r\u0161i pavad\u012btu kvalitat\u012bvu laiku kop\u0101 ar \u0123imeni un draugiem vai kontakt\u0113tos ar citiem cilv\u0113kiem, lai var\u0113tu dz\u012bvot iesp\u0113jami pilnv\u0113rt\u012bg\u0101ku dz\u012bvi.<br>&nbsp;<br>\u0160is ir raksts par \u0161izofr\u0113nijas epidemiolo\u0123iju un sniedz da\u017eus statistikas datus par \u0161izofr\u0113nijas sastopam\u012bbu un izplat\u012bbu. Taj\u0101 apl\u016bkota ar\u012b \u0161izofr\u0113nijas ietekme uz cilv\u0113kam b\u016btiskiem dz\u012bves aspektiem.<br><\/p><\/div><\/div>\n\n\n\n<div class=\"wp-block-rea-separator-rea-separator-block rea-separator-block front\"><div class=\"rea-separator-block__content\"><hr class=\"rea-separator-block__separator\"\/><\/div><\/div>\n\n\n\n<div class=\"wp-block-rea-title-rea-title-block rea-title-block front\"><div class=\"rea-title-block__content\"><h3 id=\"cik-izplatta-ir-izofrnija\" class=\"content-title \">Cik izplat\u012bta ir \u0161izofr\u0113nija?<\/h3><h4 class=\"content-subtitle rea-hidden\"><\/h4><\/div><\/div>\n\n\n\n<div class=\"wp-block-rea-paragraph-rea-paragraph-block rea-paragraph-block front\"><div class=\"rea-paragraph-block__content\"><p class=\"content-text\">Prec\u012bzi atbild\u0113t, cik cilv\u0113kiem ir \u0161izofr\u0113nija, nav tik vienk\u0101r\u0161i. Atbilde ir atkar\u012bga no t\u0101, kuru p\u0113t\u012bjumu j\u016bs apl\u016bkojat un k\u0101di ir \u0161\u012b p\u0113t\u012bjuma krit\u0113riji.<sup>2<\/sup> Tas ir atkar\u012bgs ar\u012b no t\u0101, k\u0101 tika defin\u0113ta <a href=\"https:\/\/sizofrenija.lv\/sabiedribai\/diagnostika-arstesana\/diagnostika\/\">\u0161izofr\u0113nijas diagnoze<\/a>, jo \u012bpa\u0161i t\u0101p\u0113c, ka <a href=\"https:\/\/sizofrenija.lv\/sabiedribai\/izprast-sizofreniju\/simptomi\/\">\u0161izofr\u0113nijas simptomi<\/a> da\u017ek\u0101rt var p\u0101rkl\u0101ties ar citiem psihisk\u0101s vesel\u012bbas trauc\u0113jumiem.<sup>2<\/sup><br>&nbsp;<br>\u0160izofr\u0113nijas skarto cilv\u0113ku skaitu var izteikt p\u0113c izplat\u012bbas vai k\u0101 sastopam\u012bbas bie\u017eumu, nor\u0101dot to procentos vai k\u0101 skarto cilv\u0113ku skaitu popul\u0101cij\u0101.<\/p><\/div><\/div>\n\n\n\n<div class=\"wp-block-rea-list-rea-list-block rea-list-block front\"><div class=\"rea-list-block__wrapper\"><div class=\"list-ordered list\"><p><strong>\u0160izofr\u0113nijas izplat\u012bba<\/strong><br>Tas ir kop\u0113jais cilv\u0113ku skaitu popul\u0101cij\u0101, kuriem ir \u0161izofr\u0113nija.<\/p><p><strong>\u0160izofr\u0113nijas sastopam\u012bba<\/strong><br>Tas ir cilv\u0113ku skaits, kuriem ir no jauna noteikta \u0161izofr\u0113nijas diagnoze.<\/p><\/div><\/div><\/div>\n\n\n\n<div class=\"wp-block-rea-paragraph-rea-paragraph-block rea-paragraph-block front\"><div class=\"rea-paragraph-block__content\"><p class=\"content-text\">Vispirms apl\u016bkojot \u0161izofr\u0113nijas izplat\u012bbu, tiek zi\u0146ots, ka 0,3% l\u012bdz 0,9% pasaules iedz\u012bvot\u0101ju dz\u012bvo ar \u0161izofr\u0113niju vai psihotiskiem trauc\u0113jumiem.<sup>2,3<\/sup> K\u0101d\u0101 cilv\u0113ka dz\u012bves posm\u0101 \u0161izofr\u0113nija skar aptuveni 1% pasaules iedz\u012bvot\u0101ju.<sup>3<\/sup><br>&nbsp;<br>Apl\u016bkojot \u0161izofr\u0113nijas sastopam\u012bbu, tiek l\u0113sts, ka vid\u0113jais r\u0101d\u012bt\u0101js ir aptuveni 15 cilv\u0113ki uz katriem 100 000 iedz\u012bvot\u0101ju.<sup>4<\/sup> Dati ir ieg\u016bti sist\u0113miski p\u0101rskatot vair\u0101kus p\u0113t\u012bjumus, ta\u010du tiek l\u0113sts, ka \u0161izofr\u0113nijas sastopam\u012bba sv\u0101rst\u0101s aptuveni no 7 l\u012bdz 43 uz katriem 100 000 cilv\u0113ku.<sup>5<\/sup><\/p><\/div><\/div>\n\n\n\n<div class=\"wp-block-rea-separator-rea-separator-block rea-separator-block front\"><div class=\"rea-separator-block__content\"><hr class=\"rea-separator-block__separator\"\/><\/div><\/div>\n\n\n\n<div class=\"wp-block-rea-title-rea-title-block rea-title-block front\"><div class=\"rea-title-block__content\"><h3 id=\"kda-ir-izofrnijas-ietekme\" class=\"content-title \">K\u0101da ir \u0161izofr\u0113nijas ietekme?<\/h3><h4 class=\"content-subtitle rea-hidden\"><\/h4><\/div><\/div>\n\n\n\n<div class=\"wp-block-rea-paragraph-rea-paragraph-block rea-paragraph-block front\"><div class=\"rea-paragraph-block__content\"><p class=\"content-text\">\u0160izofr\u0113nijas izplat\u012bba un sastopam\u012bba ir zem\u0101ka nek\u0101 da\u017e\u0101m cit\u0101m slim\u012bb\u0101m, tostarp citiem nopietniem psihisk\u0101s vesel\u012bbas trauc\u0113jumiem, piem\u0113ram, trauksmei un depresijai.<sup>6<\/sup> Tom\u0113r \u0161izofr\u0113nija ir hronisks un smags psihisks trauc\u0113jums<sup>1<\/sup>, kas var izrais\u012bt invalidit\u0101ti pat tad, ja to atbilsto\u0161i \u0101rst\u0113.<sup>6<\/sup> Patie\u0161\u0101m, \u0161izofr\u0113nija var ietekm\u0113t cilv\u0113ku sp\u0113ju r\u016bp\u0113ties par sevi, soci\u0101li funkcion\u0113t, pabeigt izgl\u012bt\u012bbu, k\u0101 ar\u012b ieg\u016bt un saglab\u0101t darbu.<br>&nbsp;<br>Tiek zi\u0146ots, ka \u0161izofr\u0113nijas esam\u012bba sa\u012bsina cilv\u0113ku dz\u012bves ilgumu par aptuveni 15\u201320 gadiem<sup>7,8<\/sup>, un cilv\u0113kiem ar \u0161izofr\u0113niju ir divas l\u012bdz tr\u012bs reizes liel\u0101ka iesp\u0113ja nomirt agr\u0101k\u0101 vecum\u0101 nek\u0101 cilv\u0113kiem visp\u0101r\u0113j\u0101 popul\u0101cij\u0101.<sup>1<\/sup><br>&nbsp;<br>Iemesli \u0161\u0101dam sa\u012bsin\u0101tam dz\u012bves ilgumam var\u0113tu b\u016bt saist\u012bti ar augst\u0101ku pa\u0161n\u0101v\u012bbu skaitu sal\u012bdzin\u0101jum\u0101 ar iedz\u012bvot\u0101jiem kopum\u0101, jo \u012bpa\u0161i slim\u012bbas s\u0101kumposm\u0101.<sup>2,7<\/sup> To var veicin\u0101t ar\u012b nevesel\u012bgi paradumi, piem\u0113ram, sm\u0113\u0137\u0113\u0161ana vai narkotisko vielu lieto\u0161ana, un blakus slim\u012bbas, piem\u0113ram, sirds slim\u012bbas, aknu slim\u012bbas vai diab\u0113ts.<sup>4<\/sup> T\u0101p\u0113c v\u0113l jo svar\u012bg\u0101k ir ne tikai p\u0101rvald\u012bt \u0161izofr\u0113niju slim\u012bbas s\u0101kum\u0101, bet ar\u012b r\u016bp\u0113ties, lai nov\u0113rstu nelabv\u0113l\u012bgus paradumus un apst\u0101k\u013cus, kas var veicin\u0101t personas priek\u0161laic\u012bgas n\u0101ves risku.<\/p><\/div><\/div>\n\n\n\n<div class=\"wp-block-rea-separator-rea-separator-block rea-separator-block front\"><div class=\"rea-separator-block__content\"><hr class=\"rea-separator-block__separator\"\/><\/div><\/div>\n\n\n\n<div class=\"wp-block-rea-title-rea-title-block rea-title-block front\"><div class=\"rea-title-block__content\"><h3 id=\"strongizofrnijas-globls-ietekmes-novrtanastrong\" class=\"content-title \"><strong>\u0160izofr\u0113nijas glob\u0101l\u0101s ietekmes nov\u0113rt\u0113\u0161ana<\/strong><\/h3><h4 class=\"content-subtitle rea-hidden\"><\/h4><\/div><\/div>\n\n\n\n<div class=\"wp-block-rea-paragraph-rea-paragraph-block rea-paragraph-block front\"><div class=\"rea-paragraph-block__content\"><p class=\"content-text\">K\u0101 slim\u012bba ietekm\u0113 cilv\u0113kus un sabiedr\u012bbu kopum\u0101? To var noteikt, izm\u0113rot t\u0101 saukto &#8220;slim\u012bbas slogu&#8221;, izmantojot lielumu, ko sauc par &#8220;invalidit\u0101tes kori\u0123\u0113tiem dz\u012bves gadiem&#8221;. B\u016bt\u012bb\u0101 viens &#8220;invalidit\u0101tes kori\u0123\u0113tais dz\u012bves gads&#8221; p\u0101rst\u0101v 1 gadu vesel\u012bgas dz\u012bves, kas tiek zaud\u0113ta slim\u012bbas d\u0113\u013c; tas var b\u016bt priek\u0161laic\u012bgas n\u0101ves, slim\u012bbas vai slim\u012bbas izrais\u012btas invalidit\u0101tes d\u0113\u013c.<sup>9<\/sup><br>&nbsp;<br>P\u0113d\u0113jos 30 gadus <a href=\"https:\/\/www.healthdata.org\/research-analysis\/gbd\">Glob\u0101lais slim\u012bbu sloga projekts<\/a> apkopo statistiku par da\u017e\u0101du slim\u012bbu slogu. Vien\u0101 no jaun\u0101kajiem \u0161\u012b p\u0113t\u012bjuma zi\u0146ojumiem par gar\u012bg\u0101s vesel\u012bbas trauc\u0113jumiem tiek atz\u012bm\u0113ts, ka, lai gan \u0161izofr\u0113nija skar maz\u0101ku pasaules iedz\u012bvot\u0101ju da\u013cu, invalidit\u0101te ak\u016btas psihozes d\u0113\u013c bija visaugst\u0101k\u0101 vis\u0101 p\u0113t\u012bjum\u0101.<sup>6<\/sup><br>&nbsp;<br>\u0160izofr\u0113nija bija tre\u0161aj\u0101 vieta 10 gar\u012bg\u0101s vesel\u012bbas st\u0101vok\u013cu sarakst\u0101, kas veicin\u0101ja visliel\u0101ko &#8220;invalidit\u0101tes kori\u0123\u0113to dz\u012bves gadu&#8221; procentu\u0101lo da\u013cu, un to p\u0101rsniedza tikai depresija un trauksme.<sup>6<\/sup><\/p><\/div><\/div>\n\n\n\n<div class=\"wp-block-rea-separator-rea-separator-block rea-separator-block front\"><div class=\"rea-separator-block__content\"><hr class=\"rea-separator-block__separator\"\/><\/div><\/div>\n\n\n\n<div class=\"wp-block-rea-title-rea-title-block rea-title-block front\"><div class=\"rea-title-block__content\"><h3 id=\"strongizofrnijas-ietekmes-mazinanastrong\" class=\"content-title \"><strong>\u0160izofr\u0113nijas ietekmes mazin\u0101\u0161ana<\/strong><\/h3><h4 class=\"content-subtitle rea-hidden\"><\/h4><\/div><\/div>\n\n\n\n<div class=\"wp-block-rea-paragraph-rea-paragraph-block rea-paragraph-block front\"><div class=\"rea-paragraph-block__content\"><p class=\"content-text\">\u0145emot v\u0113r\u0101 \u0161izofr\u0113nijas b\u016btisko ietekmi uz cilv\u0113ku dz\u012bvi, agr\u012bna diagnostika un \u0101rst\u0113\u0161ana ir noz\u012bm\u012bga, lai pal\u012bdz\u0113tu vi\u0146iem atvese\u013coties un atgriezties norm\u0101l\u0101 dz\u012bves ritm\u0101. Vair\u0101k par <a href=\"https:\/\/sizofrenija.lv\/sabiedribai\/diagnostika-arstesana\/diagnostika\/\">\u0161izofr\u0113nijas diagnozi<\/a> un iejauk\u0161anos, ko izmanto, lai uzlabotu cilv\u0113ku ar \u0161izofr\u0113niju funkcion\u0113\u0161anu varat uzzin\u0101t <a href=\"https:\/\/sizofrenija.lv\/sabiedribai\/arstesanas-merkis\/funkcionesana\/\">\u0161eit<\/a>.<br><a href=\"https:\/\/sizofrenija.lv\/sabiedribai\/diagnostika-arstesana\/diagnostika\/\">https:\/\/sizofrenija.lv\/sabiedribai\/diagnostika-arstesana\/diagnostika\/<\/a><\/p><\/div><\/div>\n\n\n\n<div class=\"wp-block-rea-references-rea-references-block rea-references-block front\"><div class=\"rea-references-block__references\"><p class=\"references-title\">Atsauces<\/p><ol class=\"references-list\"><li>World Health Organization (WHO).&nbsp;<a href=\"https:\/\/www.who.int\/news-room\/fact-sheets\/detail\/schizophrenia\">Schizophrenia<\/a>. Geneva: WHO, October 2019.<\/li><li>National Institute of Mental Health (NIH),&nbsp;<a href=\"https:\/\/www.nimh.nih.gov\/health\/statistics\/schizophrenia#part_2543\">Schizophrenia<\/a>. Bethesda: NIH. Accessed November 2021.&nbsp;<\/li><li>Stilo SA, Murray RM.&nbsp;<a class=\"rank-math-link\" href=\"https:\/\/doi.org\/10.31887\/dcns.2010.12.3\/sstilo\">The epidemiology of schizophrenia: replacing dogma with knowledge<\/a>. <em>Dialogues Clin Neurosci.<\/em>2010;12(3):305\u201315.<\/li><li>McGrath J, Saha S, Chant D, Welham J.&nbsp;<a class=\"rank-math-link\" href=\"https:\/\/doi.org\/10.1093\/epirev\/mxn001\">Schizophrenia: A concise overview of incidence, prevalence, and mortality<\/a>. <em>Epidemiol Rev.&nbsp;<\/em>2008;30:67\u201376.<\/li><li>Patel KR, Cherian J, Gohil K, Atkinson D<em>.<\/em>&nbsp;<a class=\"rank-math-link\" href=\"http:\/\/www.ncbi.nlm.nih.gov\/pmc\/articles\/pmc4159061\/\">Schizophrenia: Overview and treatment options.<\/a> <em>P T<\/em>. 2014;39(9):638\u201345.<\/li><li>GBD 2019 Mental Disorders Collaborators.&nbsp;<a class=\"rank-math-link\" href=\"http:\/\/www.healthdata.org\/research-article\/global-regional-and-national-burden-12-mental-disorders-204-countries-and\">Global, regional, and national burden of 12 mental disorders in 204 countries and territories, 1990\u20132019: a systematic analysis from the Global Burden of Disease Study 2019.<\/a> <em>Lancet Psychiatry.&nbsp;<\/em>2021 (In Press).<\/li><li>Laursen TM, Nordentoft M, Mortensen PB.&nbsp;<a href=\"https:\/\/doi.org\/10.1146\/annurev-clinpsy-032813-153657\">Excess early mortality in schizophrenia<\/a>. <em>Annu Rev Clin Psychol.<\/em> 2014;<strong>10<\/strong>, 425\u201348.<\/li><li>Laursen TM, Whalbeck K, H\u00e4llgren J, <em>et al.<\/em>&nbsp;<a href=\"https:\/\/doi.org\/10.1371\/journal.pone.0067133\">Life expectancy and death by diseases of the circulatory system in patients with bipolar disorder or schizophrenia in the Nordic countries.<\/a> <em>PLoS ONE<\/em>. 2103;8(6):e67133.<\/li><li>Roser M, Richie H.&nbsp;<a href=\"https:\/\/ourworldindata.org\/burden-of-disease#the-global-distribution-of-the-disease-burden\">Burden of Disease<\/a>. 2016. Published online at OurWorldInData.org.<\/li><\/ol><\/div><\/div>\n\n\n","protected":false},"excerpt":{"rendered":"","protected":false},"author":1,"featured_media":0,"parent":0,"menu_order":0,"comment_status":"closed","ping_status":"closed","template":"page-fullwidth.php","meta":{"_acf_changed":false,"rea_page_title_signed_in_meta_block_field":"","rea_page_title_signed_out_meta_block_field":"","rea_page_description_signed_in_meta_block_field":"","rea_page_description_signed_out_meta_block_field":"","rea_page_footer_id_meta_block_field":"","rea_page_footer_date_meta_block_field":"","footnotes":""},"class_list":["post-4637","page","type-page","status-publish","hentry"],"acf":[],"yoast_head":"<!-- This site is optimized with the Yoast SEO plugin v20.8 - https:\/\/yoast.com\/wordpress\/plugins\/seo\/ -->\n<title>\u0160izofr\u0113nijas statistika: Cik cilv\u0113kiem ir \u0161izofr\u0113nija? - sizofrenija.lv\/sabiedribai<\/title>\n<meta name=\"robots\" content=\"index, follow, max-snippet:-1, max-image-preview:large, max-video-preview:-1\" \/>\n<link rel=\"canonical\" href=\"https:\/\/sizofrenija.lv\/sabiedribai\/sizofrenijas-statistika-cik-cilvekiem-ir-sizofrenija\/\" \/>\n<meta property=\"og:locale\" content=\"en_US\" \/>\n<meta property=\"og:type\" content=\"article\" \/>\n<meta property=\"og:title\" content=\"\u0160izofr\u0113nijas statistika: Cik cilv\u0113kiem ir \u0161izofr\u0113nija? - sizofrenija.lv\/sabiedribai\" \/>\n<meta property=\"og:url\" content=\"https:\/\/sizofrenija.lv\/sabiedribai\/sizofrenijas-statistika-cik-cilvekiem-ir-sizofrenija\/\" \/>\n<meta property=\"og:site_name\" content=\"sizofrenija.lv\/sabiedribai\" \/>\n<meta property=\"article:modified_time\" content=\"2025-12-19T10:54:08+00:00\" \/>\n<meta property=\"og:image\" content=\"https:\/\/schizophrenia.life\/public\/wp-content\/uploads\/2019\/03\/wooden.png\" \/>\n<meta name=\"twitter:card\" content=\"summary_large_image\" \/>\n<meta name=\"twitter:label1\" content=\"Est. reading time\" \/>\n\t<meta name=\"twitter:data1\" content=\"5 minutes\" \/>\n<script type=\"application\/ld+json\" class=\"yoast-schema-graph\">{\"@context\":\"https:\/\/schema.org\",\"@graph\":[{\"@type\":\"WebPage\",\"@id\":\"https:\/\/sizofrenija.lv\/sabiedribai\/sizofrenijas-statistika-cik-cilvekiem-ir-sizofrenija\/\",\"url\":\"https:\/\/sizofrenija.lv\/sabiedribai\/sizofrenijas-statistika-cik-cilvekiem-ir-sizofrenija\/\",\"name\":\"\u0160izofr\u0113nijas statistika: Cik cilv\u0113kiem ir \u0161izofr\u0113nija? - sizofrenija.lv\/sabiedribai\",\"isPartOf\":{\"@id\":\"https:\/\/sizofrenija.lv\/sabiedribai\/#website\"},\"datePublished\":\"2024-04-08T12:34:22+00:00\",\"dateModified\":\"2025-12-19T10:54:08+00:00\",\"breadcrumb\":{\"@id\":\"https:\/\/sizofrenija.lv\/sabiedribai\/sizofrenijas-statistika-cik-cilvekiem-ir-sizofrenija\/#breadcrumb\"},\"inLanguage\":\"en-US\",\"potentialAction\":[{\"@type\":\"ReadAction\",\"target\":[\"https:\/\/sizofrenija.lv\/sabiedribai\/sizofrenijas-statistika-cik-cilvekiem-ir-sizofrenija\/\"]}]},{\"@type\":\"BreadcrumbList\",\"@id\":\"https:\/\/sizofrenija.lv\/sabiedribai\/sizofrenijas-statistika-cik-cilvekiem-ir-sizofrenija\/#breadcrumb\",\"itemListElement\":[{\"@type\":\"ListItem\",\"position\":1,\"name\":\"Home\",\"item\":\"https:\/\/sizofrenija.lv\/sabiedribai\/\"},{\"@type\":\"ListItem\",\"position\":2,\"name\":\"\u0160izofr\u0113nijas statistika: Cik cilv\u0113kiem ir \u0161izofr\u0113nija?\"}]},{\"@type\":\"WebSite\",\"@id\":\"https:\/\/sizofrenija.lv\/sabiedribai\/#website\",\"url\":\"https:\/\/sizofrenija.lv\/sabiedribai\/\",\"name\":\"sizofrenija.lv\/sabiedribai\",\"description\":\"\",\"potentialAction\":[{\"@type\":\"SearchAction\",\"target\":{\"@type\":\"EntryPoint\",\"urlTemplate\":\"https:\/\/sizofrenija.lv\/sabiedribai\/?s={search_term_string}\"},\"query-input\":\"required name=search_term_string\"}],\"inLanguage\":\"en-US\"}]}<\/script>\n<!-- \/ Yoast SEO plugin. -->","yoast_head_json":{"title":"\u0160izofr\u0113nijas statistika: Cik cilv\u0113kiem ir \u0161izofr\u0113nija? - sizofrenija.lv\/sabiedribai","robots":{"index":"index","follow":"follow","max-snippet":"max-snippet:-1","max-image-preview":"max-image-preview:large","max-video-preview":"max-video-preview:-1"},"canonical":"https:\/\/sizofrenija.lv\/sabiedribai\/sizofrenijas-statistika-cik-cilvekiem-ir-sizofrenija\/","og_locale":"en_US","og_type":"article","og_title":"\u0160izofr\u0113nijas statistika: Cik cilv\u0113kiem ir \u0161izofr\u0113nija? - sizofrenija.lv\/sabiedribai","og_url":"https:\/\/sizofrenija.lv\/sabiedribai\/sizofrenijas-statistika-cik-cilvekiem-ir-sizofrenija\/","og_site_name":"sizofrenija.lv\/sabiedribai","article_modified_time":"2025-12-19T10:54:08+00:00","og_image":[{"url":"https:\/\/schizophrenia.life\/public\/wp-content\/uploads\/2019\/03\/wooden.png"}],"twitter_card":"summary_large_image","twitter_misc":{"Est. reading time":"5 minutes"},"schema":{"@context":"https:\/\/schema.org","@graph":[{"@type":"WebPage","@id":"https:\/\/sizofrenija.lv\/sabiedribai\/sizofrenijas-statistika-cik-cilvekiem-ir-sizofrenija\/","url":"https:\/\/sizofrenija.lv\/sabiedribai\/sizofrenijas-statistika-cik-cilvekiem-ir-sizofrenija\/","name":"\u0160izofr\u0113nijas statistika: Cik cilv\u0113kiem ir \u0161izofr\u0113nija? - sizofrenija.lv\/sabiedribai","isPartOf":{"@id":"https:\/\/sizofrenija.lv\/sabiedribai\/#website"},"datePublished":"2024-04-08T12:34:22+00:00","dateModified":"2025-12-19T10:54:08+00:00","breadcrumb":{"@id":"https:\/\/sizofrenija.lv\/sabiedribai\/sizofrenijas-statistika-cik-cilvekiem-ir-sizofrenija\/#breadcrumb"},"inLanguage":"en-US","potentialAction":[{"@type":"ReadAction","target":["https:\/\/sizofrenija.lv\/sabiedribai\/sizofrenijas-statistika-cik-cilvekiem-ir-sizofrenija\/"]}]},{"@type":"BreadcrumbList","@id":"https:\/\/sizofrenija.lv\/sabiedribai\/sizofrenijas-statistika-cik-cilvekiem-ir-sizofrenija\/#breadcrumb","itemListElement":[{"@type":"ListItem","position":1,"name":"Home","item":"https:\/\/sizofrenija.lv\/sabiedribai\/"},{"@type":"ListItem","position":2,"name":"\u0160izofr\u0113nijas statistika: Cik cilv\u0113kiem ir \u0161izofr\u0113nija?"}]},{"@type":"WebSite","@id":"https:\/\/sizofrenija.lv\/sabiedribai\/#website","url":"https:\/\/sizofrenija.lv\/sabiedribai\/","name":"sizofrenija.lv\/sabiedribai","description":"","potentialAction":[{"@type":"SearchAction","target":{"@type":"EntryPoint","urlTemplate":"https:\/\/sizofrenija.lv\/sabiedribai\/?s={search_term_string}"},"query-input":"required name=search_term_string"}],"inLanguage":"en-US"}]}},"_links":{"self":[{"href":"https:\/\/sizofrenija.lv\/sabiedribai\/wp-json\/wp\/v2\/pages\/4637","targetHints":{"allow":["GET"]}}],"collection":[{"href":"https:\/\/sizofrenija.lv\/sabiedribai\/wp-json\/wp\/v2\/pages"}],"about":[{"href":"https:\/\/sizofrenija.lv\/sabiedribai\/wp-json\/wp\/v2\/types\/page"}],"author":[{"embeddable":true,"href":"https:\/\/sizofrenija.lv\/sabiedribai\/wp-json\/wp\/v2\/users\/1"}],"replies":[{"embeddable":true,"href":"https:\/\/sizofrenija.lv\/sabiedribai\/wp-json\/wp\/v2\/comments?post=4637"}],"version-history":[{"count":36,"href":"https:\/\/sizofrenija.lv\/sabiedribai\/wp-json\/wp\/v2\/pages\/4637\/revisions"}],"predecessor-version":[{"id":5338,"href":"https:\/\/sizofrenija.lv\/sabiedribai\/wp-json\/wp\/v2\/pages\/4637\/revisions\/5338"}],"wp:attachment":[{"href":"https:\/\/sizofrenija.lv\/sabiedribai\/wp-json\/wp\/v2\/media?parent=4637"}],"curies":[{"name":"wp","href":"https:\/\/api.w.org\/{rel}","templated":true}]}}